{"id":12,"date":"2015-12-14T17:16:13","date_gmt":"2015-12-14T16:16:13","guid":{"rendered":"http:\/\/neu.sulzbach-main-umgehung.de\/?page_id=12"},"modified":"2024-09-27T11:22:34","modified_gmt":"2024-09-27T09:22:34","slug":"links","status":"publish","type":"page","link":"https:\/\/www.sulzbach-main-umgehung.de\/index.php\/links\/","title":{"rendered":"Links"},"content":{"rendered":"<div id=\"Ebene12\">\n<p><b>Aktuelle Seiten zur Problematik<\/b><\/p>\n<p>Die aktuelle Visualisierung des Staatlichen Bauamtes<br \/>\n<a href=\"https:\/\/ou-sulzbach-am-main.de\/\">Ortsumfahrung Sulzbach am Main (ou-sulzbach-am-main.de)<\/a><\/p>\n<p>Unsere BI auf Facebook<br \/>\n<a href=\"https:\/\/www.facebook.com\/pages\/BI-Lebenswertes-Sulzbach-Erhalt-der-Mainaue-Keine-Nord-S%C3%BCd-Umgehung\/217086101806416\" target=\"_blank\" rel=\"noopener\">https:\/\/www.facebook.com\/pages\/BI-Lebenswertes-Sulzbach-Erhalt-der-Mainaue-Keine-Nord-S\u00fcd-Umgehung\/217086101806416<\/a><\/p>\n<p>B\u00fcrgerinitiative Niedernberg gegen Nord-S\u00fcd-Umgehung Sulzbach<br \/>\n<a href=\"http:\/\/www.niedernberg-gegen-nord-sued-umgehung.de\/\" target=\"_blank\" rel=\"noopener\">http:\/\/www.niedernberg-gegen-nord-sued-umgehung.de\/<\/a><br \/>\n<a href=\"https:\/\/www.facebook.com\/BI.Niedernberg.gegen.NordSuedUmgehung.Sulzbach\" target=\"_blank\" rel=\"noopener\">https:\/\/www.facebook.com\/BI.Niedernberg.gegen.NordSuedUmgehung.Sulzbach<\/a><\/p>\n<p>Gemeinde Sulzbach am Main<br \/>\n<a href=\"http:\/\/www.sulzbach-main.de\/\" target=\"_blank\" rel=\"noopener\">http:\/\/www.sulzbach-main.de<\/a><br \/>\n<a href=\"http:\/\/www.buergerinfo-sulzbach-main.de\/\" target=\"_blank\" rel=\"noopener\">http:\/\/www.buergerinfo-sulzbach-main.de\/<\/a><\/p>\n<p>Bund Naturschutz Kreisverband Miltenberg<br \/>\n<a href=\"http:\/\/www.miltenberg.bund-naturschutz.de\/veranstaltungen\/sulzbach.html\" target=\"_blank\" rel=\"noopener\">http:\/\/www.miltenberg.bund-naturschutz.de\/veranstaltungen\/sulzbach.html<\/a><\/p>\n<p>Bundeskabinett beschlie\u00dft Umwelt-T\u00dcV f\u00fcr Planungen<br \/>\nStrategische Umweltpr\u00fcfung beschlossen<br \/>\nDetails erfahren Sie <a href=\"http:\/\/www.bmu.de\/de\/1024\/js\/presse\/2004\/pm184\/\" target=\"_blank\" rel=\"noopener\">hier<\/a>!<\/p>\n<\/div>\n<p><a href=\"http:\/\/www.imun-niedernberg.de\/\"><img decoding=\"async\" src=\"https:\/\/www.sulzbach-main-umgehung.de\/ansichten\/IMUN.gif\" alt=\"\" width=\"300\" \/><\/a><\/p>\n","protected":false},"excerpt":{"rendered":"<p>Aktuelle Seiten zur Problematik Die aktuelle Visualisierung des Staatlichen Bauamtes Ortsumfahrung Sulzbach am Main (ou-sulzbach-am-main.de) Unsere BI auf Facebook https:\/\/www.facebook.com\/pages\/BI-Lebenswertes-Sulzbach-Erhalt-der-Mainaue-Keine-Nord-S\u00fcd-Umgehung\/217086101806416 B\u00fcrgerinitiative Niedernberg gegen Nord-S\u00fcd-Umgehung Sulzbach http:\/\/www.niedernberg-gegen-nord-sued-umgehung.de\/ https:\/\/www.facebook.com\/BI.Niedernberg.gegen.NordSuedUmgehung.Sulzbach Gemeinde Sulzbach am Main http:\/\/www.sulzbach-main.de http:\/\/www.buergerinfo-sulzbach-main.de\/ Bund Naturschutz Kreisverband Miltenberg http:\/\/www.miltenberg.bund-naturschutz.de\/veranstaltungen\/sulzbach.html Bundeskabinett beschlie\u00dft&hellip; <br \/><a class=\"read-more-button\" href=\"https:\/\/www.sulzbach-main-umgehung.de\/index.php\/links\/\">Mehr Lesen<\/a><\/p>\n","protected":false},"author":1,"featured_media":0,"parent":0,"menu_order":7,"comment_status":"closed","ping_status":"closed","template":"","meta":{"footnotes":""},"_links":{"self":[{"href":"https:\/\/www.sulzbach-main-umgehung.de\/index.php\/wp-json\/wp\/v2\/pages\/12"}],"collection":[{"href":"https:\/\/www.sulzbach-main-umgehung.de\/index.php\/wp-json\/wp\/v2\/pages"}],"about":[{"href":"https:\/\/www.sulzbach-main-umgehung.de\/index.php\/wp-json\/wp\/v2\/types\/page"}],"author":[{"embeddable":true,"href":"https:\/\/www.sulzbach-main-umgehung.de\/index.php\/wp-json\/wp\/v2\/users\/1"}],"replies":[{"embeddable":true,"href":"https:\/\/www.sulzbach-main-umgehung.de\/index.php\/wp-json\/wp\/v2\/comments?post=12"}],"version-history":[{"count":8,"href":"https:\/\/www.sulzbach-main-umgehung.de\/index.php\/wp-json\/wp\/v2\/pages\/12\/revisions"}],"predecessor-version":[{"id":1512,"href":"https:\/\/www.sulzbach-main-umgehung.de\/index.php\/wp-json\/wp\/v2\/pages\/12\/revisions\/1512"}],"wp:attachment":[{"href":"https:\/\/www.sulzbach-main-umgehung.de\/index.php\/wp-json\/wp\/v2\/media?parent=12"}],"curies":[{"name":"wp","href":"https:\/\/api.w.org\/{rel}","templated":true}]}}